{"id":133,"date":"2022-01-19T11:27:48","date_gmt":"2022-01-19T10:27:48","guid":{"rendered":"https:\/\/www.dottabbate.com\/?page_id=133"},"modified":"2022-06-17T15:31:49","modified_gmt":"2022-06-17T13:31:49","slug":"profezie","status":"publish","type":"page","link":"https:\/\/www.dottabbate.com\/it\/profezie\/","title":{"rendered":"Profezie"},"content":{"rendered":"\t\t<div data-elementor-type=\"wp-page\" data-elementor-id=\"133\" class=\"elementor elementor-133\" data-elementor-post-type=\"page\">\n\t\t\t\t\t\t<section class=\"elementor-section elementor-top-section elementor-element elementor-element-6223578 elementor-section-boxed elementor-section-height-default elementor-section-height-default\" data-id=\"6223578\" data-element_type=\"section\" data-e-type=\"section\">\n\t\t\t\t\t\t<div class=\"elementor-container elementor-column-gap-default\">\n\t\t\t\t\t<div class=\"elementor-column elementor-col-100 elementor-top-column elementor-element elementor-element-bf85369\" data-id=\"bf85369\" data-element_type=\"column\" data-e-type=\"column\">\n\t\t\t<div class=\"elementor-widget-wrap elementor-element-populated\">\n\t\t\t\t\t\t<div class=\"elementor-element elementor-element-9e34141 elementor-grid-3 elementor-grid-tablet-2 elementor-grid-mobile-1 elementor-posts--thumbnail-top elementor-widget elementor-widget-posts\" data-id=\"9e34141\" data-element_type=\"widget\" data-e-type=\"widget\" data-settings=\"{&quot;pagination_type&quot;:&quot;numbers&quot;,&quot;classic_columns&quot;:&quot;3&quot;,&quot;classic_columns_tablet&quot;:&quot;2&quot;,&quot;classic_columns_mobile&quot;:&quot;1&quot;,&quot;classic_row_gap&quot;:{&quot;unit&quot;:&quot;px&quot;,&quot;size&quot;:35,&quot;sizes&quot;:[]},&quot;classic_row_gap_tablet&quot;:{&quot;unit&quot;:&quot;px&quot;,&quot;size&quot;:&quot;&quot;,&quot;sizes&quot;:[]},&quot;classic_row_gap_mobile&quot;:{&quot;unit&quot;:&quot;px&quot;,&quot;size&quot;:&quot;&quot;,&quot;sizes&quot;:[]}}\" data-widget_type=\"posts.classic\">\n\t\t\t\t<div class=\"elementor-widget-container\">\n\t\t\t\t\t\t\t<div class=\"elementor-posts-container elementor-posts elementor-posts--skin-classic elementor-grid\" role=\"list\">\n\t\t\t\t<article class=\"elementor-post elementor-grid-item post-758 post type-post status-publish format-quote has-post-thumbnail hentry category-profezie post_format-post-format-quote\" role=\"listitem\">\n\t\t\t\t<a class=\"elementor-post__thumbnail__link\" href=\"https:\/\/www.dottabbate.com\/it\/100-uno-sara-preso\/\" tabindex=\"-1\" >\n\t\t\t<div class=\"elementor-post__thumbnail\"><img decoding=\"async\" src=\"https:\/\/www.dottabbate.com\/wp-content\/uploads\/profezia-di-gesu.jpg\" title=\"profezia-di-gesu\" alt=\"profezia-di-gesu\" loading=\"lazy\" \/><\/div>\n\t\t<\/a>\n\t\t\t\t<div class=\"elementor-post__text\">\n\t\t\t\t<h3 class=\"elementor-post__title\">\n\t\t\t<a href=\"https:\/\/www.dottabbate.com\/it\/100-uno-sara-preso\/\" >\n\t\t\t\tUno sar\u00e0 preso&#8230;\t\t\t<\/a>\n\t\t<\/h3>\n\t\t\t\t<div class=\"elementor-post__excerpt\">\n\t\t\t<p>&#8220;Come fu ai giorni di No\u00e8, cos\u00ec sar\u00e0 la venuta del Figlio dell&#8217;uomo. Infatti, come nei giorni che precedettero il diluvio mangiavano e bevevano, prendevano moglie<\/p>\n\t\t<\/div>\n\t\t\n\t\t<a class=\"elementor-post__read-more\" href=\"https:\/\/www.dottabbate.com\/it\/100-uno-sara-preso\/\" aria-label=\"Leggi tutto Uno sar\u00e0 preso&#8230;\" tabindex=\"-1\" >\n\t\t\tLeggi tutto \u00bb\t\t<\/a>\n\n\t\t\t\t<\/div>\n\t\t\t\t<\/article>\n\t\t\t\t<article class=\"elementor-post elementor-grid-item post-2437 post type-post status-publish format-quote has-post-thumbnail hentry category-profezie post_format-post-format-quote\" role=\"listitem\">\n\t\t\t\t<a class=\"elementor-post__thumbnail__link\" href=\"https:\/\/www.dottabbate.com\/it\/83-il-veggente-di-voralberg\/\" tabindex=\"-1\" >\n\t\t\t<div class=\"elementor-post__thumbnail\"><img decoding=\"async\" src=\"https:\/\/www.dottabbate.com\/wp-content\/uploads\/Quaresima.jpg\" title=\"Quaresima\" alt=\"Quaresima\" loading=\"lazy\" \/><\/div>\n\t\t<\/a>\n\t\t\t\t<div class=\"elementor-post__text\">\n\t\t\t\t<h3 class=\"elementor-post__title\">\n\t\t\t<a href=\"https:\/\/www.dottabbate.com\/it\/83-il-veggente-di-voralberg\/\" >\n\t\t\t\tIl Veggente di Voralberg\t\t\t<\/a>\n\t\t<\/h3>\n\t\t\t\t<div class=\"elementor-post__excerpt\">\n\t\t\t<p>Nell&#8217;anno 1922, a Locchan Bregenz, nel Voralberg, in Germania, un contadino veggente ebbe una sequenza di visioni profetiche, che il padre benedettino Ellerhorst trascrisse.\u00a0 1. Il<\/p>\n\t\t<\/div>\n\t\t\n\t\t<a class=\"elementor-post__read-more\" href=\"https:\/\/www.dottabbate.com\/it\/83-il-veggente-di-voralberg\/\" aria-label=\"Leggi tutto Il Veggente di Voralberg\" tabindex=\"-1\" >\n\t\t\tLeggi tutto \u00bb\t\t<\/a>\n\n\t\t\t\t<\/div>\n\t\t\t\t<\/article>\n\t\t\t\t<article class=\"elementor-post elementor-grid-item post-2436 post type-post status-publish format-quote has-post-thumbnail hentry category-profezie post_format-post-format-quote\" role=\"listitem\">\n\t\t\t\t<a class=\"elementor-post__thumbnail__link\" href=\"https:\/\/www.dottabbate.com\/it\/82-la-saga-dei-finn\/\" tabindex=\"-1\" >\n\t\t\t<div class=\"elementor-post__thumbnail\"><img decoding=\"async\" src=\"https:\/\/www.dottabbate.com\/wp-content\/uploads\/sanmicheledrago.jpg\" title=\"sanmicheledrago\" alt=\"sanmicheledrago\" loading=\"lazy\" \/><\/div>\n\t\t<\/a>\n\t\t\t\t<div class=\"elementor-post__text\">\n\t\t\t\t<h3 class=\"elementor-post__title\">\n\t\t\t<a href=\"https:\/\/www.dottabbate.com\/it\/82-la-saga-dei-finn\/\" >\n\t\t\t\tLa saga dei Finn\t\t\t<\/a>\n\t\t<\/h3>\n\t\t\t\t<div class=\"elementor-post__excerpt\">\n\t\t\t<p>Profezia tratta da un manoscritto della Saga Finn Mac Cunail, che risale al 1130 e che tuttora viene conservato nella biblioteca del Trinity College di Dublino.<\/p>\n\t\t<\/div>\n\t\t\n\t\t<a class=\"elementor-post__read-more\" href=\"https:\/\/www.dottabbate.com\/it\/82-la-saga-dei-finn\/\" aria-label=\"Leggi tutto La saga dei Finn\" tabindex=\"-1\" >\n\t\t\tLeggi tutto \u00bb\t\t<\/a>\n\n\t\t\t\t<\/div>\n\t\t\t\t<\/article>\n\t\t\t\t<article class=\"elementor-post elementor-grid-item post-647 post type-post status-publish format-quote has-post-thumbnail hentry category-profezie post_format-post-format-quote\" role=\"listitem\">\n\t\t\t\t<a class=\"elementor-post__thumbnail__link\" href=\"https:\/\/www.dottabbate.com\/it\/80-giordano-bruno\/\" tabindex=\"-1\" >\n\t\t\t<div class=\"elementor-post__thumbnail\"><img decoding=\"async\" src=\"https:\/\/www.dottabbate.com\/wp-content\/uploads\/giordanobrunostatua.jpeg\" title=\"giordanobrunostatua\" alt=\"giordanobrunostatua\" loading=\"lazy\" \/><\/div>\n\t\t<\/a>\n\t\t\t\t<div class=\"elementor-post__text\">\n\t\t\t\t<h3 class=\"elementor-post__title\">\n\t\t\t<a href=\"https:\/\/www.dottabbate.com\/it\/80-giordano-bruno\/\" >\n\t\t\t\tGiordano Bruno\t\t\t<\/a>\n\t\t<\/h3>\n\t\t\t\t<div class=\"elementor-post__excerpt\">\n\t\t\t<p>Giordano Bruno era un Domenicano eretico che venne arso vivo il 17 febbraio 1600. La parte pi\u00f9 interessante della profezia riguarda comunque il tempo che stiamo<\/p>\n\t\t<\/div>\n\t\t\n\t\t<a class=\"elementor-post__read-more\" href=\"https:\/\/www.dottabbate.com\/it\/80-giordano-bruno\/\" aria-label=\"Leggi tutto Giordano Bruno\" tabindex=\"-1\" >\n\t\t\tLeggi tutto \u00bb\t\t<\/a>\n\n\t\t\t\t<\/div>\n\t\t\t\t<\/article>\n\t\t\t\t<article class=\"elementor-post elementor-grid-item post-2435 post type-post status-publish format-quote has-post-thumbnail hentry category-profezie post_format-post-format-quote\" role=\"listitem\">\n\t\t\t\t<a class=\"elementor-post__thumbnail__link\" href=\"https:\/\/www.dottabbate.com\/it\/78-messaggio-a-gertrudis-fink\/\" tabindex=\"-1\" >\n\t\t\t<div class=\"elementor-post__thumbnail\"><img decoding=\"async\" src=\"https:\/\/www.dottabbate.com\/wp-content\/uploads\/fire-8837_1280.jpg\" title=\"fire-8837_1280\" alt=\"fire-8837_1280\" loading=\"lazy\" \/><\/div>\n\t\t<\/a>\n\t\t\t\t<div class=\"elementor-post__text\">\n\t\t\t\t<h3 class=\"elementor-post__title\">\n\t\t\t<a href=\"https:\/\/www.dottabbate.com\/it\/78-messaggio-a-gertrudis-fink\/\" >\n\t\t\t\tMessaggio a Gertrudis Fink\t\t\t<\/a>\n\t\t<\/h3>\n\t\t\t\t<div class=\"elementor-post__excerpt\">\n\t\t\t<p>Cos\u00ec si espresse la veggente Gertrudis Fink dopo una visione avuta il 26 maggio 1950 a Duren (Germania).\u00a0 &#8220;Vidi tre grandi colonne di fuoco bruciare a<\/p>\n\t\t<\/div>\n\t\t\n\t\t<a class=\"elementor-post__read-more\" href=\"https:\/\/www.dottabbate.com\/it\/78-messaggio-a-gertrudis-fink\/\" aria-label=\"Leggi tutto Messaggio a Gertrudis Fink\" tabindex=\"-1\" >\n\t\t\tLeggi tutto \u00bb\t\t<\/a>\n\n\t\t\t\t<\/div>\n\t\t\t\t<\/article>\n\t\t\t\t<article class=\"elementor-post elementor-grid-item post-642 post type-post status-publish format-quote has-post-thumbnail hentry category-profezie post_format-post-format-quote\" role=\"listitem\">\n\t\t\t\t<a class=\"elementor-post__thumbnail__link\" href=\"https:\/\/www.dottabbate.com\/it\/77-messaggio-a-jose-irlmaier\/\" tabindex=\"-1\" >\n\t\t\t<div class=\"elementor-post__thumbnail\"><img decoding=\"async\" src=\"https:\/\/www.dottabbate.com\/wp-content\/uploads\/sole_nero_01-1.jpg\" title=\"sole_nero_01-1\" alt=\"sole_nero_01-1\" loading=\"lazy\" \/><\/div>\n\t\t<\/a>\n\t\t\t\t<div class=\"elementor-post__text\">\n\t\t\t\t<h3 class=\"elementor-post__title\">\n\t\t\t<a href=\"https:\/\/www.dottabbate.com\/it\/77-messaggio-a-jose-irlmaier\/\" >\n\t\t\t\tMessaggio a Jos\u00e9 Irlmaier\t\t\t<\/a>\n\t\t<\/h3>\n\t\t\t\t<div class=\"elementor-post__excerpt\">\n\t\t\t<p>Il veggente tedesco Jos\u00e9 Irlmaier cos\u00ec profetizz\u00f2. &#8220;Il mondo si oscurer\u00e0 per alcuni giorni nel corso della guerra mondiale che si sta avvicinando. Allora esploder\u00e0 una<\/p>\n\t\t<\/div>\n\t\t\n\t\t<a class=\"elementor-post__read-more\" href=\"https:\/\/www.dottabbate.com\/it\/77-messaggio-a-jose-irlmaier\/\" aria-label=\"Leggi tutto Messaggio a Jos\u00e9 Irlmaier\" tabindex=\"-1\" >\n\t\t\tLeggi tutto \u00bb\t\t<\/a>\n\n\t\t\t\t<\/div>\n\t\t\t\t<\/article>\n\t\t\t\t<article class=\"elementor-post elementor-grid-item post-639 post type-post status-publish format-quote has-post-thumbnail hentry category-profezie post_format-post-format-quote\" role=\"listitem\">\n\t\t\t\t<a class=\"elementor-post__thumbnail__link\" href=\"https:\/\/www.dottabbate.com\/it\/46-i-tre-giorni-di-tenebre\/\" tabindex=\"-1\" >\n\t\t\t<div class=\"elementor-post__thumbnail\"><img decoding=\"async\" src=\"https:\/\/www.dottabbate.com\/wp-content\/uploads\/sole_nero_01.jpg\" title=\"sole_nero_01\" alt=\"sole_nero_01\" loading=\"lazy\" \/><\/div>\n\t\t<\/a>\n\t\t\t\t<div class=\"elementor-post__text\">\n\t\t\t\t<h3 class=\"elementor-post__title\">\n\t\t\t<a href=\"https:\/\/www.dottabbate.com\/it\/46-i-tre-giorni-di-tenebre\/\" >\n\t\t\t\tI tre giorni di Tenebre\t\t\t<\/a>\n\t\t<\/h3>\n\t\t\t\t<div class=\"elementor-post__excerpt\">\n\t\t\t<p>La beata Anna Maria Taigi (1837) annunzi\u00f2: Verr\u00e0 sopra la terra l&#8217;oscurit\u00e0 immensa che durer\u00e0 tre giorni e tre notti. Nulla sar\u00e0 visibile e l&#8217;aria sar\u00e0<\/p>\n\t\t<\/div>\n\t\t\n\t\t<a class=\"elementor-post__read-more\" href=\"https:\/\/www.dottabbate.com\/it\/46-i-tre-giorni-di-tenebre\/\" aria-label=\"Leggi tutto I tre giorni di Tenebre\" tabindex=\"-1\" >\n\t\t\tLeggi tutto \u00bb\t\t<\/a>\n\n\t\t\t\t<\/div>\n\t\t\t\t<\/article>\n\t\t\t\t<article class=\"elementor-post elementor-grid-item post-761 post type-post status-publish format-quote has-post-thumbnail hentry category-profezie post_format-post-format-quote\" role=\"listitem\">\n\t\t\t\t<a class=\"elementor-post__thumbnail__link\" href=\"https:\/\/www.dottabbate.com\/it\/31-i-messaggi-di-garabandal\/\" tabindex=\"-1\" >\n\t\t\t<div class=\"elementor-post__thumbnail\"><img decoding=\"async\" src=\"https:\/\/www.dottabbate.com\/wp-content\/uploads\/verginemariaapparizione.jpg\" title=\"verginemariaapparizione\" alt=\"verginemariaapparizione\" loading=\"lazy\" \/><\/div>\n\t\t<\/a>\n\t\t\t\t<div class=\"elementor-post__text\">\n\t\t\t\t<h3 class=\"elementor-post__title\">\n\t\t\t<a href=\"https:\/\/www.dottabbate.com\/it\/31-i-messaggi-di-garabandal\/\" >\n\t\t\t\tI messaggi di Garabandal\t\t\t<\/a>\n\t\t<\/h3>\n\t\t\t\t<div class=\"elementor-post__excerpt\">\n\t\t\t<p>\u00a0 San Sebastiano di Garabandal \u00e8 un paesino che aveva circa 70 famiglie, a 90 km. da Santader nella Spagna.\u00a0 Quattro bambine, Conchita, Mari Loli, Jacinta<\/p>\n\t\t<\/div>\n\t\t\n\t\t<a class=\"elementor-post__read-more\" href=\"https:\/\/www.dottabbate.com\/it\/31-i-messaggi-di-garabandal\/\" aria-label=\"Leggi tutto I messaggi di Garabandal\" tabindex=\"-1\" >\n\t\t\tLeggi tutto \u00bb\t\t<\/a>\n\n\t\t\t\t<\/div>\n\t\t\t\t<\/article>\n\t\t\t\t<article class=\"elementor-post elementor-grid-item post-636 post type-post status-publish format-quote has-post-thumbnail hentry category-profezie post_format-post-format-quote\" role=\"listitem\">\n\t\t\t\t<a class=\"elementor-post__thumbnail__link\" href=\"https:\/\/www.dottabbate.com\/it\/36-intervista-a-lucia-do-santos-di-fatima\/\" tabindex=\"-1\" >\n\t\t\t<div class=\"elementor-post__thumbnail\"><img decoding=\"async\" src=\"https:\/\/www.dottabbate.com\/wp-content\/uploads\/fatima.jpg\" title=\"fatima\" alt=\"fatima\" loading=\"lazy\" \/><\/div>\n\t\t<\/a>\n\t\t\t\t<div class=\"elementor-post__text\">\n\t\t\t\t<h3 class=\"elementor-post__title\">\n\t\t\t<a href=\"https:\/\/www.dottabbate.com\/it\/36-intervista-a-lucia-do-santos-di-fatima\/\" >\n\t\t\t\tIntervista a Lucia Do Santos di Fatima\t\t\t<\/a>\n\t\t<\/h3>\n\t\t\t\t<div class=\"elementor-post__excerpt\">\n\t\t\t<p>Intervista a una dei pastorelli di Fatima, Lucia Do Santos, pubblicata sulla rivista Mariana \u201d La Immaculada \u201d e rilasciata a Padre Agostino Fuentes nel numero<\/p>\n\t\t<\/div>\n\t\t\n\t\t<a class=\"elementor-post__read-more\" href=\"https:\/\/www.dottabbate.com\/it\/36-intervista-a-lucia-do-santos-di-fatima\/\" aria-label=\"Leggi tutto Intervista a Lucia Do Santos di Fatima\" tabindex=\"-1\" >\n\t\t\tLeggi tutto \u00bb\t\t<\/a>\n\n\t\t\t\t<\/div>\n\t\t\t\t<\/article>\n\t\t\t\t<article class=\"elementor-post elementor-grid-item post-633 post type-post status-publish format-standard has-post-thumbnail hentry category-profezie\" role=\"listitem\">\n\t\t\t\t<a class=\"elementor-post__thumbnail__link\" href=\"https:\/\/www.dottabbate.com\/it\/35-ultima-scintilla-di-suor-faustina\/\" tabindex=\"-1\" >\n\t\t\t<div class=\"elementor-post__thumbnail\"><img decoding=\"async\" src=\"https:\/\/www.dottabbate.com\/wp-content\/uploads\/Ultima_scintilla_di_Suor_Faustina.jpg\" title=\"Ultima_scintilla_di_Suor_Faustina\" alt=\"Ultima_scintilla_di_Suor_Faustina\" loading=\"lazy\" \/><\/div>\n\t\t<\/a>\n\t\t\t\t<div class=\"elementor-post__text\">\n\t\t\t\t<h3 class=\"elementor-post__title\">\n\t\t\t<a href=\"https:\/\/www.dottabbate.com\/it\/35-ultima-scintilla-di-suor-faustina\/\" >\n\t\t\t\tUltima scintilla di Suor Faustina\t\t\t<\/a>\n\t\t<\/h3>\n\t\t\t\t<div class=\"elementor-post__excerpt\">\n\t\t\t<p>Il Vaticano ha santificato Suor Faustina Kowalska, veggente Polacca, nata nel 1905 e morta nel 1938. Annunci\u00f2 con otto anni di anticipo l&#8217;inizio della seconda guerra<\/p>\n\t\t<\/div>\n\t\t\n\t\t<a class=\"elementor-post__read-more\" href=\"https:\/\/www.dottabbate.com\/it\/35-ultima-scintilla-di-suor-faustina\/\" aria-label=\"Leggi tutto Ultima scintilla di Suor Faustina\" tabindex=\"-1\" >\n\t\t\tLeggi tutto \u00bb\t\t<\/a>\n\n\t\t\t\t<\/div>\n\t\t\t\t<\/article>\n\t\t\t\t<article class=\"elementor-post elementor-grid-item post-630 post type-post status-publish format-standard has-post-thumbnail hentry category-profezie\" role=\"listitem\">\n\t\t\t\t<a class=\"elementor-post__thumbnail__link\" href=\"https:\/\/www.dottabbate.com\/it\/30-apparizioni-di-gesu-ad-henne\/\" tabindex=\"-1\" >\n\t\t\t<div class=\"elementor-post__thumbnail\"><img decoding=\"async\" src=\"https:\/\/www.dottabbate.com\/wp-content\/uploads\/Apparizioni-di-Gesu-ad-Henne.jpg\" title=\"Apparizioni-di-Gesu-ad-Henne\" alt=\"Apparizioni-di-Gesu-ad-Henne\" loading=\"lazy\" \/><\/div>\n\t\t<\/a>\n\t\t\t\t<div class=\"elementor-post__text\">\n\t\t\t\t<h3 class=\"elementor-post__title\">\n\t\t\t<a href=\"https:\/\/www.dottabbate.com\/it\/30-apparizioni-di-gesu-ad-henne\/\" >\n\t\t\t\tApparizioni di Ges\u00f9 ad Henne\t\t\t<\/a>\n\t\t<\/h3>\n\t\t\t\t<div class=\"elementor-post__excerpt\">\n\t\t\t<p>Ecco, in sintesi, gli avvertimenti dati da Ges\u00f9 al mondo nelle apparizioni di Heede (1937 al 1945) a Greta Ganseforth: &#8220;Tutti coloro che hanno patito in<\/p>\n\t\t<\/div>\n\t\t\n\t\t<a class=\"elementor-post__read-more\" href=\"https:\/\/www.dottabbate.com\/it\/30-apparizioni-di-gesu-ad-henne\/\" aria-label=\"Leggi tutto Apparizioni di Ges\u00f9 ad Henne\" tabindex=\"-1\" >\n\t\t\tLeggi tutto \u00bb\t\t<\/a>\n\n\t\t\t\t<\/div>\n\t\t\t\t<\/article>\n\t\t\t\t<article class=\"elementor-post elementor-grid-item post-2429 post type-post status-publish format-standard has-post-thumbnail hentry category-profezie\" role=\"listitem\">\n\t\t\t\t<a class=\"elementor-post__thumbnail__link\" href=\"https:\/\/www.dottabbate.com\/it\/29-apparizioni-a-san-damiano\/\" tabindex=\"-1\" >\n\t\t\t<div class=\"elementor-post__thumbnail\"><img decoding=\"async\" src=\"https:\/\/www.dottabbate.com\/wp-content\/uploads\/Apparizioni-a-San-Damiano.jpg\" title=\"Apparizioni-a-San-Damiano\" alt=\"Apparizioni-a-San-Damiano\" loading=\"lazy\" \/><\/div>\n\t\t<\/a>\n\t\t\t\t<div class=\"elementor-post__text\">\n\t\t\t\t<h3 class=\"elementor-post__title\">\n\t\t\t<a href=\"https:\/\/www.dottabbate.com\/it\/29-apparizioni-a-san-damiano\/\" >\n\t\t\t\tApparizioni a San Damiano\t\t\t<\/a>\n\t\t<\/h3>\n\t\t\t\t<div class=\"elementor-post__excerpt\">\n\t\t\t<p>Quando verr\u00e0 l&#8217;ora dell&#8217;angoscia, di tenebre e di pianto alzate gli occhi al cielo, chiamatemi con il dolce nome di Madre e io verr\u00f2 ad abbracciarvi<\/p>\n\t\t<\/div>\n\t\t\n\t\t<a class=\"elementor-post__read-more\" href=\"https:\/\/www.dottabbate.com\/it\/29-apparizioni-a-san-damiano\/\" aria-label=\"Leggi tutto Apparizioni a San Damiano\" tabindex=\"-1\" >\n\t\t\tLeggi tutto \u00bb\t\t<\/a>\n\n\t\t\t\t<\/div>\n\t\t\t\t<\/article>\n\t\t\t\t<\/div>\n\t\t\n\t\t\t\t<div class=\"e-load-more-anchor\" data-page=\"1\" data-max-page=\"4\" data-next-page=\"https:\/\/www.dottabbate.com\/it\/wp-json\/wp\/v2\/pages\/133\/page\/2\/\"><\/div>\n\t\t\t\t<nav class=\"elementor-pagination\" aria-label=\"Paginazione\">\n\t\t\t<span aria-current=\"page\" class=\"page-numbers current\"><span class=\"elementor-screen-only\">Pagina<\/span>1<\/span>\n<a class=\"page-numbers\" href=\"https:\/\/www.dottabbate.com\/it\/wp-json\/wp\/v2\/pages\/133\/page\/2\/\"><span class=\"elementor-screen-only\">Pagina<\/span>2<\/a>\n<a class=\"page-numbers\" href=\"https:\/\/www.dottabbate.com\/it\/wp-json\/wp\/v2\/pages\/133\/page\/3\/\"><span class=\"elementor-screen-only\">Pagina<\/span>3<\/a>\n<a class=\"page-numbers\" href=\"https:\/\/www.dottabbate.com\/it\/wp-json\/wp\/v2\/pages\/133\/page\/4\/\"><span class=\"elementor-screen-only\">Pagina<\/span>4<\/a>\t\t<\/nav>\n\t\t\t\t\t\t<\/div>\n\t\t\t\t<\/div>\n\t\t\t\t\t<\/div>\n\t\t<\/div>\n\t\t\t\t\t<\/div>\n\t\t<\/section>\n\t\t\t\t<\/div>\n\t\t","protected":false},"excerpt":{"rendered":"","protected":false},"author":1,"featured_media":0,"parent":0,"menu_order":0,"comment_status":"closed","ping_status":"closed","template":"","meta":{"_acf_changed":false,"footnotes":""},"categories":[],"tags":[],"class_list":["post-133","page","type-page","status-publish","hentry"],"acf":[],"_links":{"self":[{"href":"https:\/\/www.dottabbate.com\/it\/wp-json\/wp\/v2\/pages\/133","targetHints":{"allow":["GET"]}}],"collection":[{"href":"https:\/\/www.dottabbate.com\/it\/wp-json\/wp\/v2\/pages"}],"about":[{"href":"https:\/\/www.dottabbate.com\/it\/wp-json\/wp\/v2\/types\/page"}],"author":[{"embeddable":true,"href":"https:\/\/www.dottabbate.com\/it\/wp-json\/wp\/v2\/users\/1"}],"replies":[{"embeddable":true,"href":"https:\/\/www.dottabbate.com\/it\/wp-json\/wp\/v2\/comments?post=133"}],"version-history":[{"count":28,"href":"https:\/\/www.dottabbate.com\/it\/wp-json\/wp\/v2\/pages\/133\/revisions"}],"predecessor-version":[{"id":8476,"href":"https:\/\/www.dottabbate.com\/it\/wp-json\/wp\/v2\/pages\/133\/revisions\/8476"}],"wp:attachment":[{"href":"https:\/\/www.dottabbate.com\/it\/wp-json\/wp\/v2\/media?parent=133"}],"wp:term":[{"taxonomy":"category","embeddable":true,"href":"https:\/\/www.dottabbate.com\/it\/wp-json\/wp\/v2\/categories?post=133"},{"taxonomy":"post_tag","embeddable":true,"href":"https:\/\/www.dottabbate.com\/it\/wp-json\/wp\/v2\/tags?post=133"}],"curies":[{"name":"wp","href":"https:\/\/api.w.org\/{rel}","templated":true}]}}